{"id":6196,"date":"2025-12-10T21:10:56","date_gmt":"2025-12-10T20:10:56","guid":{"rendered":"https:\/\/wordpress-403092-6062885.cloudwaysapps.com\/?post_type=company&#038;p=6196"},"modified":"2025-12-10T21:10:56","modified_gmt":"2025-12-10T20:10:56","slug":"le-francais-pour-lavenir","status":"publish","type":"company","link":"https:\/\/jobimpact.ca\/en\/company\/le-francais-pour-lavenir\/","title":{"rendered":"Le fran\u00e7ais pour l\u2019avenir"},"content":{"rendered":"<p>Le fran\u00e7ais pour l\u2019avenir motive et cr\u00e9e des liens entre les jeunes de 12 \u00e0 18 ans \u00e0 travers le Canada par le biais d\u2019\u00e9v\u00e9nements marquants et d\u2019exp\u00e9riences transformatrices qui alimentent la confiance en soi, le leadership, et une passion pour le fran\u00e7ais et les cultures francophones. Le fran\u00e7ais pour l\u2019avenir veut contribuer \u00e0 la cr\u00e9ation d\u2019un Canada o\u00f9 la jeunesse appr\u00e9cie sa francophonie et les cultures francophones, s\u2019exprime en fran\u00e7ais avec confiance, cultive un sentiment d\u2019appartenance, et contribue au rapprochement et \u00e0 l\u2019\u00e9panouissement des diverses communaut\u00e9s linguistiques.<\/p>\n","protected":false},"excerpt":{"rendered":"<p>Le fran\u00e7ais pour l\u2019avenir motive et cr\u00e9e des liens entre les jeunes de 12 \u00e0 18 ans \u00e0 travers le Canada par le biais d\u2019\u00e9v\u00e9nements marquants et d\u2019exp\u00e9riences transformatrices qui&#8230;<\/p>\n","protected":false},"author":372,"featured_media":0,"comment_status":"closed","ping_status":"closed","template":"","meta":{"_seopress_titles_title":"","_seopress_titles_desc":"","_seopress_robots_index":"","_seopress_robots_follow":"","_seopress_robots_imageindex":"","_seopress_robots_snippet":"","_seopress_robots_primary_cat":"","_seopress_robots_breadcrumbs":"","_seopress_robots_freeze_modified_date":"","_seopress_robots_custom_modified_date":"","_seopress_robots_canonical":"","_seopress_social_fb_title":"","_seopress_social_fb_desc":"","_seopress_social_fb_img":"","_seopress_social_fb_img_attachment_id":0,"_seopress_social_fb_img_width":0,"_seopress_social_fb_img_height":0,"_seopress_social_twitter_title":"","_seopress_social_twitter_desc":"","_seopress_social_twitter_img":"","_seopress_social_twitter_img_attachment_id":0,"_seopress_social_twitter_img_width":0,"_seopress_social_twitter_img_height":0,"_seopress_redirections_value":"","_seopress_redirections_enabled":"","_seopress_redirections_enabled_regex":"","_seopress_redirections_logged_status":"","_seopress_redirections_param":"","_seopress_redirections_type":0,"_seopress_analysis_target_kw":"","_seopress_news_disabled":"","_seopress_video_disabled":"","_seopress_video":[],"_seopress_pro_schemas_manual":[],"_seopress_pro_rich_snippets_disable_all":"","_seopress_pro_rich_snippets_disable":[],"_seopress_pro_schemas":[]},"company_category":[205],"company_strength":[],"company_average_salary":[],"company_revenue":[],"class_list":["post-6196","company","type-company","status-publish","hentry","company_category-community"],"_links":{"self":[{"href":"https:\/\/jobimpact.ca\/en\/wp-json\/wp\/v2\/company\/6196","targetHints":{"allow":["GET"]}}],"collection":[{"href":"https:\/\/jobimpact.ca\/en\/wp-json\/wp\/v2\/company"}],"about":[{"href":"https:\/\/jobimpact.ca\/en\/wp-json\/wp\/v2\/types\/company"}],"author":[{"embeddable":true,"href":"https:\/\/jobimpact.ca\/en\/wp-json\/wp\/v2\/users\/372"}],"replies":[{"embeddable":true,"href":"https:\/\/jobimpact.ca\/en\/wp-json\/wp\/v2\/comments?post=6196"}],"wp:attachment":[{"href":"https:\/\/jobimpact.ca\/en\/wp-json\/wp\/v2\/media?parent=6196"}],"wp:term":[{"taxonomy":"company_category","embeddable":true,"href":"https:\/\/jobimpact.ca\/en\/wp-json\/wp\/v2\/company_category?post=6196"},{"taxonomy":"company_strength","embeddable":true,"href":"https:\/\/jobimpact.ca\/en\/wp-json\/wp\/v2\/company_strength?post=6196"},{"taxonomy":"company_average_salary","embeddable":true,"href":"https:\/\/jobimpact.ca\/en\/wp-json\/wp\/v2\/company_average_salary?post=6196"},{"taxonomy":"company_revenue","embeddable":true,"href":"https:\/\/jobimpact.ca\/en\/wp-json\/wp\/v2\/company_revenue?post=6196"}],"curies":[{"name":"wp","href":"https:\/\/api.w.org\/{rel}","templated":true}]}}