{"id":5073,"date":"2023-02-22T16:11:53","date_gmt":"2023-02-22T16:11:53","guid":{"rendered":"https:\/\/wordpress-403092-6062885.cloudwaysapps.com\/?post_type=job_listing&#038;p=5073"},"modified":"2025-12-10T20:30:46","modified_gmt":"2025-12-10T19:30:46","slug":"fonciere-terre-de-liens-2-poste-de-responsable-de-lactionnariat-solidaire","status":"publish","type":"job_listing","link":"https:\/\/jobimpact.ca\/en\/job\/fonciere-terre-de-liens-2-poste-de-responsable-de-lactionnariat-solidaire\/","title":{"rendered":"POSTE DE RESPONSABLE DE L\u2019ACTIONNARIAT SOLIDAIRE"},"content":{"rendered":"<p>La Fonci\u00e8re Terre de Liens recherche un\u00b7e responsable de l\u2019actionnariat solidaire pour mettre en \u0153uvre la strat\u00e9gie de collecte de la Fonci\u00e8re Terre de Liens, assurer la communication, la mobilisation et le suivi des 19 000 actionnaires solidaires et des nouveaux souscripteurs, poursuivre un travail de d\u00e9veloppement de l\u2019actionnariat solidaire qui passera entre autres par l\u2019\u00e9largissement de la base actionnaires, le renforcement du parcours membres et l\u2019implication des actionnaires au sein du mouvement Terre de Liens.<\/p>\n<p><strong>Description des missions<\/strong><\/p>\n<p>Sous la responsabilit\u00e9 hi\u00e9rarchique de la codirectrice g\u00e9n\u00e9rale de la Fonci\u00e8re, la ou le responsable de l\u2019actionnariat solidaire travaillera au sein de l\u2019\u00e9quipe de la Fonci\u00e8re Terre de Liens (22 salari\u00e9\u00b7es) et plus particuli\u00e8rement au sein du service membres (4 personnes) et sera rattach\u00e9\u00b7e au P\u00f4le Relation membres, Communication et Collecte de la Fondation (8 salari\u00e9\u00b7es). Elle ou il travaillera en lien avec l\u2019ensemble des salari\u00e9\u00b7es et b\u00e9n\u00e9voles du mouvement Terre de Liens (Fonci\u00e8re, F\u00e9d\u00e9ration et Associations territoriales).<\/p>\n<p><strong>Collecte<\/strong><\/p>\n<p>&#8211;\u00a0\u00a0\u00a0\u00a0\u00a0\u00a0\u00a0\u00a0\u00a0 D\u00e9veloppement strat\u00e9gique et pilotage des op\u00e9rations de collecte de souscriptions<\/p>\n<p>&#8211;\u00a0\u00a0\u00a0\u00a0\u00a0\u00a0\u00a0\u00a0\u00a0 Actualisation du bulletin de souscription et maintenance des outils de collecte<\/p>\n<p>&#8211;\u00a0\u00a0\u00a0\u00a0\u00a0\u00a0\u00a0\u00a0\u00a0 Suivi du capital, de la collecte d\u00e9di\u00e9e, des mouvements de titres, reporting pour les rapports (g\u00e9rance, prospectus AMF)<\/p>\n<p>&#8211;\u00a0\u00a0\u00a0\u00a0\u00a0\u00a0\u00a0\u00a0\u00a0 Lien avec le service collecte et les associations territoriales pour le suivi de la collecte d\u00e9di\u00e9e fermes et r\u00e9gions<\/p>\n<p>&#8211;\u00a0\u00a0\u00a0\u00a0\u00a0\u00a0\u00a0\u00a0\u00a0 Liens individualis\u00e9s avec les investisseurs institutionnels et les cabinets de gestion de patrimoine<\/p>\n<p>&nbsp;<\/p>\n<p><strong>Communication externe<\/strong><\/p>\n<p>&#8211;\u00a0\u00a0\u00a0\u00a0\u00a0\u00a0\u00a0\u00a0\u00a0 Mise \u00e0 jour site web, espace membre<\/p>\n<p>&#8211;\u00a0\u00a0\u00a0\u00a0\u00a0\u00a0\u00a0\u00a0\u00a0 Envoi des communications sp\u00e9cifiques aux actionnaires et validation de tous les contenus en rapport avec l\u2019actionnariat solidaire<\/p>\n<p>&nbsp;<\/p>\n<p><strong>Parcours et relations membres<\/strong><\/p>\n<p>&#8211;\u00a0\u00a0\u00a0\u00a0\u00a0\u00a0\u00a0\u00a0\u00a0 Coordination du traitement des souscriptions<\/p>\n<p>&#8211;\u00a0\u00a0\u00a0\u00a0\u00a0\u00a0\u00a0\u00a0\u00a0 Appui \u00e0 la hotline et aux associations territoriales sur les questions courantes sur l\u2019\u00e9pargne<\/p>\n<p>&#8211;\u00a0\u00a0\u00a0\u00a0\u00a0\u00a0\u00a0\u00a0\u00a0 Participation au comit\u00e9 de r\u00e9daction du journal d\u2019info membres<\/p>\n<p>&#8211;\u00a0\u00a0\u00a0\u00a0\u00a0\u00a0\u00a0\u00a0\u00a0 Garantie de la coh\u00e9rence des parcours de prospection et de fid\u00e9lisation des \u00e9pargnants solidaires<\/p>\n<p>&nbsp;<\/p>\n<p><strong>Mobilisation des actionnaires<\/strong><\/p>\n<p>&#8211;\u00a0\u00a0\u00a0\u00a0\u00a0\u00a0\u00a0\u00a0\u00a0 Formation\/ information des actionnaires solidaires pour une meilleure connaissance de la Fonci\u00e8re et pour favoriser la participation aux AG<\/p>\n<p>&#8211;\u00a0\u00a0\u00a0\u00a0\u00a0\u00a0\u00a0\u00a0\u00a0 Mobilisation des actionnaires (ex : d\u00e9veloppement du b\u00e9n\u00e9volat d\u2019expertise)<\/p>\n<p>&nbsp;<\/p>\n<p><strong>Gestion administrative des souscriptions<\/strong><\/p>\n<p>&#8211;\u00a0\u00a0\u00a0\u00a0\u00a0\u00a0\u00a0\u00a0\u00a0 Maintenance des outils de gestion des souscriptions<\/p>\n<p>&#8211;\u00a0\u00a0\u00a0\u00a0\u00a0\u00a0\u00a0\u00a0\u00a0 Saisie et suivi des mouvements de titres<\/p>\n<p>&#8211;\u00a0\u00a0\u00a0\u00a0\u00a0\u00a0\u00a0\u00a0\u00a0 Lien avec la compta Fonci\u00e8re pour le suivi du capital et les paiements<\/p>\n<p>&#8211;\u00a0\u00a0\u00a0\u00a0\u00a0\u00a0\u00a0\u00a0\u00a0 Contr\u00f4le qualit\u00e9 des donn\u00e9es actionnaires<\/p>\n<p>&#8211;\u00a0\u00a0\u00a0\u00a0\u00a0\u00a0\u00a0\u00a0\u00a0 Veille juridique sur la fiscalit\u00e9, l\u2019\u00e9pargne solidaire, les ESUS<\/p>\n<p>&nbsp;<\/p>\n<p><strong>Assembl\u00e9es G\u00e9n\u00e9rales (AG)<\/strong><\/p>\n<p>&#8211;\u00a0\u00a0\u00a0\u00a0\u00a0\u00a0\u00a0\u00a0\u00a0 Coordination globale<\/p>\n<p>&#8211;\u00a0\u00a0\u00a0\u00a0\u00a0\u00a0\u00a0\u00a0\u00a0 Pr\u00e9paration des documents envoy\u00e9s aux actionnaires<\/p>\n<p>&#8211;\u00a0\u00a0\u00a0\u00a0\u00a0\u00a0\u00a0\u00a0\u00a0 Pilotage de l\u2019animation de la journ\u00e9e et d\u2019une soir\u00e9e en visio en amont de l\u2019AG<\/p>\n<p>&nbsp;<\/p>\n<p><strong>Conseil de surveillance (CDS)<\/strong><\/p>\n<p>&#8211;\u00a0\u00a0\u00a0\u00a0\u00a0\u00a0\u00a0\u00a0\u00a0 Appui logistique<\/p>\n<p>&#8211;\u00a0\u00a0\u00a0\u00a0\u00a0\u00a0\u00a0\u00a0\u00a0 Appui \u00e0 l\u2019animation des r\u00e9unions : pr\u00e9paration des ordres du jour, comptes-rendus, gestion du dossier partag\u00e9<\/p>\n<p>&#8211;\u00a0\u00a0\u00a0\u00a0\u00a0\u00a0\u00a0\u00a0\u00a0 Participation aux groupes de travail du CDS<\/p>\n<p>&nbsp;<\/p>\n<p><strong>Communication et partenariats institutionnels<\/strong><\/p>\n<p>&#8211;\u00a0\u00a0\u00a0\u00a0\u00a0\u00a0\u00a0\u00a0\u00a0 Piloter et\/ou Participer \u00e0 la cr\u00e9ation d\u2019outils de la Fonci\u00e8re (brochure, vid\u00e9os, etc.)<\/p>\n<p>&#8211;\u00a0\u00a0\u00a0\u00a0\u00a0\u00a0\u00a0\u00a0\u00a0 Suivi et d\u00e9veloppement des partenariats li\u00e9s \u00e0 la finance solidaire<\/p>\n<p>Profil du charg\u00e9 de mission<\/p>\n<p>Qualifications :<\/p>\n<p>Formation Communication, Economie Sociale, Science Po, Commerce<\/p>\n<p>Niveau bac + 3 minimum<\/p>\n<p>&nbsp;<\/p>\n<p>Comp\u00e9tences<\/p>\n<p>Capacit\u00e9 d\u2019animation et d\u2019accompagnement<\/p>\n<p>Qualit\u00e9s relationnelles<\/p>\n<p>Go\u00fbt av\u00e9r\u00e9 pour le travail en \u00e9quipe et en r\u00e9seau<\/p>\n<p>Rigueur, autonomie et sens de l\u2019organisation dans le pilotage de projets<\/p>\n<p>Connaissances informatiques av\u00e9r\u00e9es ou \u00e0 acqu\u00e9rir\u00a0: environnement Salesforce, InDesign, Canva<\/p>\n<p>Int\u00e9r\u00eat pour les questions agricoles et environnementales.<\/p>\n<p>&nbsp;<\/p>\n<p>Conditions salariales<\/p>\n<p>CDI avec p\u00e9riode d\u2019essai de 3 mois<\/p>\n<p>Statut cadre \u00e0 temps plein<\/p>\n<p>Convention collective de l&#8217;immobilier<\/p>\n<p>R\u00e9mun\u00e9ration selon exp\u00e9rience et grille salariale de la Fonci\u00e8re<\/p>\n<p>Localisation : poste bas\u00e9 \u00e0 Crest dans la Dr\u00f4me ouverture \u00e0 une autre localisation ( Lyon, Montreuil, Bordeaux, Toulouse) avec des d\u00e9placements une fois tous les 2 mois \u00e0 Lyon et Paris, et plus rarement sur toute la France.<\/p>\n<p>&nbsp;<\/p>\n<p><strong>Poste \u00e0 pourvoir d\u00e9but avril 2023<\/strong><\/p>\n<p>Merci d\u2019adresser CV et Lettre de motivation avec vos disponibilit\u00e9s et votre pr\u00e9tention salariale \u00e0\u00a0 \u00a0 \u00a0 \u00a0 \u00a0 \u00a0 \u00a0 \u00a0 \u00a0 \u00a0 \u00a0 \u00a0 \u00a0 \u00a0 \u00a0 \u00a0 \u00a0 \u00a0 \u00a0 \u00a0 recrutement_fonciere@terredeliens.org sous le format suivant :<\/p>\n<p><strong>\u00a0NOM_pr\u00e9nom_CV.pdf \u00a0\u00a0\u00a0\u00a0\u00a0\u00a0\u00a0\u00a0\u00a0\u00a0\u00a0\u00a0\u00a0\u00a0\u00a0\u00a0\u00a0\u00a0\u00a0\u00a0\u00a0\u00a0\u00a0 et \u00a0\u00a0\u00a0\u00a0\u00a0\u00a0\u00a0\u00a0\u00a0\u00a0\u00a0\u00a0\u00a0 NOM_pr\u00e9nom_LM.pdf<\/strong><\/p>\n<p>Cl\u00f4ture de la r\u00e9ception des candidatures\u00a0le 08 \u00a0mars 2023<\/p>\n<p>Entretiens pr\u00e9vus \u00e0 Valence TGV \u00a021 mars \u00a02023<\/p>\n<p>&nbsp;<\/p>\n","protected":false},"excerpt":{"rendered":"<p>La Fonci\u00e8re Terre de Liens recherche un\u00b7e responsable de l\u2019actionnariat solidaire pour mettre en \u0153uvre la strat\u00e9gie de collecte de la Fonci\u00e8re Terre de Liens, assurer la communication, la mobilisation&#8230;<\/p>\n","protected":false},"author":223,"featured_media":5075,"template":"","meta":{"_seopress_robots_primary_cat":"","_seopress_titles_title":"","_seopress_titles_desc":"","_seopress_robots_index":"","_promoted":"","_job_location":"","_application":"recrutement_fonciere@terredeliens.org","_company_name":"Fonci\u00e8re terre de liens","_company_website":"https:\/\/terredeliens.org\/","_company_tagline":"la premi\u00e8re entreprise de actionnariat solidaire","_company_twitter":"","_company_video":"https:\/\/www.youtube.com\/watch?v=qRXhwYt9F0U","_filled":0,"_featured":0,"_remote_position":1,"_job_salary":"","_job_salary_currency":"","_job_salary_unit":"","_apply_link":"","_hide_expiration":"","_company_facebook":""},"job_listing_region":[],"job-categories":[182],"job-types":[148],"job_listing_tag":[1207,337,1206,1209,1208],"class_list":{"0":"post-5073","1":"job_listing","2":"type-job_listing","3":"status-publish","4":"has-post-thumbnail","5":"hentry","6":"job_listing_category-community","7":"job_listing_type-full-time","8":"job_listing_tag-animation","9":"job_listing_tag-communication","10":"job_listing_tag-fundraiser","11":"job_listing_tag-interet-pour-les-questions-environnementales-et-agricoles","12":"job_listing_tag-travail-en-reseau","14":"job-type-full-time"},"_links":{"self":[{"href":"https:\/\/jobimpact.ca\/en\/wp-json\/wp\/v2\/job-listings\/5073","targetHints":{"allow":["GET"]}}],"collection":[{"href":"https:\/\/jobimpact.ca\/en\/wp-json\/wp\/v2\/job-listings"}],"about":[{"href":"https:\/\/jobimpact.ca\/en\/wp-json\/wp\/v2\/types\/job_listing"}],"author":[{"embeddable":true,"href":"https:\/\/jobimpact.ca\/en\/wp-json\/wp\/v2\/users\/223"}],"wp:featuredmedia":[{"embeddable":true,"href":"https:\/\/jobimpact.ca\/en\/wp-json\/wp\/v2\/media\/5075"}],"wp:attachment":[{"href":"https:\/\/jobimpact.ca\/en\/wp-json\/wp\/v2\/media?parent=5073"}],"wp:term":[{"taxonomy":"job_listing_region","embeddable":true,"href":"https:\/\/jobimpact.ca\/en\/wp-json\/wp\/v2\/job_listing_region?post=5073"},{"taxonomy":"job_listing_category","embeddable":true,"href":"https:\/\/jobimpact.ca\/en\/wp-json\/wp\/v2\/job-categories?post=5073"},{"taxonomy":"job_listing_type","embeddable":true,"href":"https:\/\/jobimpact.ca\/en\/wp-json\/wp\/v2\/job-types?post=5073"},{"taxonomy":"job_listing_tag","embeddable":true,"href":"https:\/\/jobimpact.ca\/en\/wp-json\/wp\/v2\/job_listing_tag?post=5073"}],"curies":[{"name":"wp","href":"https:\/\/api.w.org\/{rel}","templated":true}]}}