{"id":6940,"date":"2026-04-23T18:11:06","date_gmt":"2026-04-23T17:11:06","guid":{"rendered":"https:\/\/wordpress-403092-6062885.cloudwaysapps.com\/?post_type=job_listing&#038;p=6940"},"modified":"2026-04-27T13:51:47","modified_gmt":"2026-04-27T12:51:47","slug":"collingwood-part-time-educatrice-educateur-francophone-de-la-petite-enfance-centre-on-y-va","status":"publish","type":"job_listing","link":"https:\/\/jobimpact.ca\/en\/job\/collingwood-part-time-educatrice-educateur-francophone-de-la-petite-enfance-centre-on-y-va\/","title":{"rendered":"\u00c9ducatrice\/\u00c9ducateur francophone de la petite enfance \u2013 Centre ON y va"},"content":{"rendered":"<p><em>Vous voulez faire partie d\u2019un organisme qui mise sur votre bien-\u00eatre ? Vous voulez contribuer \u00e0 la communaut\u00e9 francophone et francophile du comt\u00e9 de Simcoe ? La Cl\u00e9 cherche \u00e0 embaucher des personnes qui s\u2019int\u00e9ressent \u00e0 cette communaut\u00e9 et qui ont du plaisir \u00e0 travailler en \u00e9quipe dans un espace familial et inclusif.\u00a0<\/em><\/p>\n<p><em>Au sein d\u2019une \u00e9quipe dynamique, La Cl\u00e9 vous offre une atmosph\u00e8re de travail amusante et valorisante afin de s\u2019\u00e9panouir tout en d\u00e9veloppant vos capacit\u00e9s de travail individuel. En offrant des journ\u00e9es de cong\u00e9 suppl\u00e9mentaires, une gamme compl\u00e8te d\u2019avantages sociaux (sant\u00e9, dentaire, etc.), des occasions de grandir et avancer au sein de l\u2019organisme, la possibilit\u00e9 de formations et perfectionnement professionnel ainsi qu\u2019un environnement sain et inclusif, La Cl\u00e9 est l\u00e0 pour soutenir ses employ\u00e9es \u00e0 longueur d\u2019ann\u00e9e !<\/em><\/p>\n<p>Poste permanent \u00e0 temps partiel \u00e0 15 heures \/ semaine <br \/>Lieu de travail : <strong>Collingwood<\/strong> (Ontario) <br \/>\u00c9chelle salariale : <strong>17,60 $ \u00e0 22,40 $ l\u2019heure<\/strong> (en fonction de la formation et l\u2019exp\u00e9rience) (plus subvention salariale du comt\u00e9 de Simcoe \u2013 montant variable selon les budgets du comt\u00e9)<br \/>Date d\u2019entr\u00e9e en fonction : <strong>d\u00e8s que possible<\/strong><\/p>\n<p><strong>Avec l&#8217;encadrement de la Coordonnatrice des centres ON y va, la personne recherch\u00e9e devra<\/strong>\u00a0: Planifier et animer des activit\u00e9s d\u2019apprentissage par l\u2019enqu\u00eate et par le jeu pour les enfants de 0 \u00e0 6 ans\u00a0:<\/p>\n<ul>\n<li>en fonction de leurs besoins et de leurs int\u00e9r\u00eats;<\/li>\n<li>amusants et vari\u00e9s.<\/li>\n<\/ul>\n<p>Assurer l\u2019accueil des enfants et des parents dans un environnement\u00a0:<\/p>\n<ul>\n<li>chaleureux, sain, et propice au d\u00e9veloppement global de l\u2019enfant;<\/li>\n<li>francophone.<\/li>\n<\/ul>\n<p>D\u00e9velopper une relation de confiance avec chaque famille afin de pouvoir\u00a0:<\/p>\n<ul>\n<li>discuter du progr\u00e8s de chaque enfant;<\/li>\n<li>offrir aux familles du soutien dans leur r\u00f4le et les aiguiller vers les services appropri\u00e9s pour leur enfant.<\/li>\n<\/ul>\n<p>Participer \u00e0 des rencontres d\u2019\u00e9quipe \u00e0 l\u2019occasion<\/p>\n<p><strong>Qualifications et comp\u00e9tences<\/strong>\u00a0:<\/p>\n<ul>\n<li>Poss\u00e9der un dipl\u00f4me en \u00e9ducation de la petite enfance ou s\u2019engager \u00e0 l\u2019obtenir;<\/li>\n<li>Poss\u00e9der de l\u2019exp\u00e9rience aupr\u00e8s des enfants \u00e2g\u00e9s de 0 \u00e0 6 ans serait un atout;<\/li>\n<li>Avoir une bonne connaissance du cadre d\u2019apprentissage de la petite enfance;<\/li>\n<li>Avoir de l\u2019ouverture d\u2019esprit, de bonnes habilet\u00e9s de communication et aimer travailler en d\u2019\u00e9quipe;<\/li>\n<li>Avoir de la cr\u00e9ativit\u00e9, du d\u00e9vouement, et faire preuve de d\u00e9brouillardise.<\/li>\n<li>Poss\u00e9der une v\u00e9rification des ant\u00e9c\u00e9dents judiciaires vierge * obligatoire<\/li>\n<li>Poss\u00e9der un permis de conduire et avoir un v\u00e9hicule * obligatoire<\/li>\n<li>Poss\u00e9der son certificat de premiers soins valide (RCR niveau C) ou s\u2019engager \u00e0 l\u2019obtenir;<\/li>\n<li>Poss\u00e9der son certificat de manipulation des aliments ou s\u2019engager \u00e0 l\u2019obtenir;<\/li>\n<li>De bonnes aptitudes en fran\u00e7ais (oral et \u00e9crit) sont essentielles et un bon anglais oral est souhaitable.<\/li>\n<\/ul>\n<p>&nbsp;<\/p>\n<p>Veuillez soumettre votre candidature avec lettre de pr\u00e9sentation et votre curriculum vitae, en fran\u00e7ais, le plus t\u00f4t possible par courriel \u00e0 emplois@lacle.ca<\/p>\n<p>T\u00e9l\u00e9phone : 705 725-9755 \u00a0\u00a0\u00a0\u00a0 Site Web : www.lacle.ca<\/p>\n<p>Nous ne communiquerons qu\u2019avec les personnes dont la candidature aura \u00e9t\u00e9 retenue pour une entrevue.<\/p>\n","protected":false},"excerpt":{"rendered":"<p>Vous voulez faire partie d\u2019un organisme qui mise sur votre bien-\u00eatre ? Vous voulez contribuer \u00e0 la communaut\u00e9 francophone et francophile du comt\u00e9 de Simcoe ? La Cl\u00e9 cherche \u00e0&#8230;<\/p>\n","protected":false},"author":181,"featured_media":0,"template":"","meta":{"_seopress_robots_primary_cat":"","_seopress_titles_title":"","_seopress_titles_desc":"","_seopress_robots_index":"","_promoted":"","_job_location":"Collingwood","_application":"emplois@lacle.ca","_company_name":"La Cl\u00e9","_company_website":"https:\/\/lacle.ca\/","_company_tagline":"Pour vivre en fran\u00e7ais dans Simcoe","_company_twitter":"","_company_video":"","_filled":0,"_featured":0,"_remote_position":0,"_job_salary":"","_job_salary_currency":"","_job_salary_unit":"","_apply_link":"","_hide_expiration":"","_company_facebook":""},"job_listing_region":[1029],"job-categories":[273,102,186,274],"job-types":[150,3],"job_listing_tag":[],"class_list":{"0":"post-6940","1":"job_listing","2":"type-job_listing","3":"status-publish","4":"hentry","5":"job_listing_region-toronto-grand-toronto","6":"job_listing_category-autre","7":"job_listing_category-education","9":"job_listing_category-other","10":"job_listing_type-part-time","13":"job-type-part-time","14":"job-type-temps-partiel"},"_links":{"self":[{"href":"https:\/\/jobimpact.ca\/en\/wp-json\/wp\/v2\/job-listings\/6940","targetHints":{"allow":["GET"]}}],"collection":[{"href":"https:\/\/jobimpact.ca\/en\/wp-json\/wp\/v2\/job-listings"}],"about":[{"href":"https:\/\/jobimpact.ca\/en\/wp-json\/wp\/v2\/types\/job_listing"}],"author":[{"embeddable":true,"href":"https:\/\/jobimpact.ca\/en\/wp-json\/wp\/v2\/users\/181"}],"wp:attachment":[{"href":"https:\/\/jobimpact.ca\/en\/wp-json\/wp\/v2\/media?parent=6940"}],"wp:term":[{"taxonomy":"job_listing_region","embeddable":true,"href":"https:\/\/jobimpact.ca\/en\/wp-json\/wp\/v2\/job_listing_region?post=6940"},{"taxonomy":"job_listing_category","embeddable":true,"href":"https:\/\/jobimpact.ca\/en\/wp-json\/wp\/v2\/job-categories?post=6940"},{"taxonomy":"job_listing_type","embeddable":true,"href":"https:\/\/jobimpact.ca\/en\/wp-json\/wp\/v2\/job-types?post=6940"},{"taxonomy":"job_listing_tag","embeddable":true,"href":"https:\/\/jobimpact.ca\/en\/wp-json\/wp\/v2\/job_listing_tag?post=6940"}],"curies":[{"name":"wp","href":"https:\/\/api.w.org\/{rel}","templated":true}]}}