{"id":7892,"date":"2026-04-23T18:14:46","date_gmt":"2026-04-23T17:14:46","guid":{"rendered":"https:\/\/jobimpact.ca\/?post_type=job_listing&#038;p=7892"},"modified":"2026-04-27T13:51:55","modified_gmt":"2026-04-27T12:51:55","slug":"penetanguishene-temporary-temps-plein-animatrice-animateur-jeunesse-radiophonique-francophone-a-cfrh-881-1067","status":"publish","type":"job_listing","link":"https:\/\/jobimpact.ca\/en\/job\/penetanguishene-temporary-temps-plein-animatrice-animateur-jeunesse-radiophonique-francophone-a-cfrh-881-1067\/","title":{"rendered":"Animatrice \/ Animateur jeunesse radiophonique francophone \u00e0 CFRH 88,1 &#8211; 106,7"},"content":{"rendered":"<p><em>Vous voulez faire partie d\u2019un organisme qui mise sur votre bien-\u00eatre? Vous voulez contribuer \u00e0 la communaut\u00e9 francophone et francophile du comt\u00e9 de Simcoe? La Cl\u00e9 cherche \u00e0 embaucher des personnes qui s\u2019int\u00e9ressent \u00e0 cette communaut\u00e9 et qui ont du plaisir \u00e0 travailler en \u00e9quipe dans un espace familial et inclusif.\u00a0<\/em><\/p>\n<p><em>Au sein d\u2019une \u00e9quipe dynamique, La Cl\u00e9 vous offre une atmosph\u00e8re de travail amusante et valorisante!<\/em><\/p>\n<p>Poste saisonnier \u00e0 temps plein \u00e0 35 heures \/ semaine<br \/>Lieu de travail\u00a0: <strong>Penetanguishene<\/strong>, Ontario<br \/>Salaire : <strong>17,60 $ l\u2019heure<\/strong><br \/>Dur\u00e9e de l\u2019emploi\u00a0: <strong>6 juillet au 28 ao\u00fbt 2026<\/strong><\/p>\n<p><strong>Sous la supervision du coordonnateur de la radio, l\u2019animateur\/trice sera responsable de<\/strong>\u00a0:<\/p>\n<ul>\n<li>Produire une \u00e9mission de 2 heures par semaine pr\u00e9enregistr\u00e9e, contenu et sujet \u00e0 discuter avec la coordination;<\/li>\n<li>Masteriser, balancer et incorporer des \u00e9missions et chansons dans notre base de donn\u00e9es;<\/li>\n<li>Production et montage publicitaire et d&#8217;image sonore pour la station;<\/li>\n<li>Couvrir l&#8217;actualit\u00e9 de fa\u00e7on g\u00e9n\u00e9rale pour chaque r\u00e9gion du comt\u00e9;<\/li>\n<li>Appuyer l\u2019\u00e9quipe dans toutes t\u00e2ches radiophoniques;<\/li>\n<\/ul>\n<p><strong>Qualifications et comp\u00e9tences<\/strong>\u00a0:<\/p>\n<ul>\n<li>\u00catre \u00e2g\u00e9 de 15 et 30 ans (programme Emplois d\u2019\u00e9t\u00e9 Canada);<\/li>\n<li>Excellente communication dans la langue fran\u00e7aise (oral et \u00e9crit) et anglaise (oral);<\/li>\n<li>Connaissance de base des logiciels de la suite Office;<\/li>\n<li>Bonne connaissance des r\u00e9seaux sociaux (Facebook, Instagram, etc.);<\/li>\n<li>Poss\u00e9der une v\u00e9rification r\u00e9cente des ant\u00e9c\u00e9dents judiciaires vierge * obligatoire;<\/li>\n<li>Poss\u00e9der un permis de conduire valide et avoir un v\u00e9hicule * obligatoire.<\/li>\n<\/ul>\n<p><strong>Qualit\u00e9s personnelles recherch\u00e9es<\/strong> :<\/p>\n<ul>\n<li>Int\u00e9ress\u00e9 par l&#8217;actualit\u00e9 en g\u00e9n\u00e9rale;<\/li>\n<li>\u00catre curieux(se), vif(ve) et rapide;<\/li>\n<li>Bonne aptitude de synth\u00e8se et de r\u00e9daction;<\/li>\n<li>Bon(ne) communicateur(trice);<\/li>\n<li>\u00catre autonome, faire preuve de d\u00e9brouillardise, et avoir le sens des responsabilit\u00e9s.<\/li>\n<\/ul>\n<p>&nbsp;<\/p>\n<p>Veuillez soumettre votre candidature avec lettre de pr\u00e9sentation et votre curriculum vitae,<strong> en fran\u00e7ais<\/strong>, le plus t\u00f4t possible par courriel\u00a0\u00e0 emplois@lacle.ca<\/p>\n<p>T\u00e9l\u00e9phone : 705\u00a0627-5028 \u00a0\u00a0\u00a0\u00a0\u00a0\u00a0\u00a0\u00a0\u00a0\u00a0\u00a0 Site Web : www.lacle.ca<\/p>\n<p>Nous ne communiquerons qu\u2019avec les personnes dont la candidature aura \u00e9t\u00e9 retenue pour une entrevue.<\/p>\n","protected":false},"excerpt":{"rendered":"<p>Vous voulez faire partie d\u2019un organisme qui mise sur votre bien-\u00eatre? Vous voulez contribuer \u00e0 la communaut\u00e9 francophone et francophile du comt\u00e9 de Simcoe? La Cl\u00e9 cherche \u00e0 embaucher des&#8230;<\/p>\n","protected":false},"author":181,"featured_media":0,"template":"","meta":{"_seopress_robots_primary_cat":"","_seopress_titles_title":"","_seopress_titles_desc":"","_seopress_robots_index":"","_promoted":"","_job_location":"Penetanguishene","_application":"emplois@lacle.ca","_company_name":"","_company_website":"","_company_tagline":"","_company_twitter":"","_company_video":"","_filled":0,"_featured":0,"_remote_position":0,"_job_salary":"","_job_salary_currency":"","_job_salary_unit":"","_apply_link":"","_hide_expiration":"","_company_facebook":""},"job_listing_region":[1029],"job-categories":[87],"job-types":[4,1046],"job_listing_tag":[],"class_list":{"0":"post-7892","1":"job_listing","2":"type-job_listing","3":"status-publish","4":"hentry","5":"job_listing_region-toronto-grand-toronto","6":"job_listing_category-communication","7":"job_listing_type-temporary","8":"job_listing_type-temps-plein","10":"job-type-temporaire","11":"job-type-temps-plein"},"_links":{"self":[{"href":"https:\/\/jobimpact.ca\/en\/wp-json\/wp\/v2\/job-listings\/7892","targetHints":{"allow":["GET"]}}],"collection":[{"href":"https:\/\/jobimpact.ca\/en\/wp-json\/wp\/v2\/job-listings"}],"about":[{"href":"https:\/\/jobimpact.ca\/en\/wp-json\/wp\/v2\/types\/job_listing"}],"author":[{"embeddable":true,"href":"https:\/\/jobimpact.ca\/en\/wp-json\/wp\/v2\/users\/181"}],"wp:attachment":[{"href":"https:\/\/jobimpact.ca\/en\/wp-json\/wp\/v2\/media?parent=7892"}],"wp:term":[{"taxonomy":"job_listing_region","embeddable":true,"href":"https:\/\/jobimpact.ca\/en\/wp-json\/wp\/v2\/job_listing_region?post=7892"},{"taxonomy":"job_listing_category","embeddable":true,"href":"https:\/\/jobimpact.ca\/en\/wp-json\/wp\/v2\/job-categories?post=7892"},{"taxonomy":"job_listing_type","embeddable":true,"href":"https:\/\/jobimpact.ca\/en\/wp-json\/wp\/v2\/job-types?post=7892"},{"taxonomy":"job_listing_tag","embeddable":true,"href":"https:\/\/jobimpact.ca\/en\/wp-json\/wp\/v2\/job_listing_tag?post=7892"}],"curies":[{"name":"wp","href":"https:\/\/api.w.org\/{rel}","templated":true}]}}